{"version":"1.0","provider_name":"Th\u00e9o Norme","provider_url":"https:\/\/www.theonorme.com\/blog","author_name":"Theo Norme","author_url":"https:\/\/www.theonorme.com\/blog\/author\/eva-charbonnier\/","title":"Le d\u00e9cret tertiaire : un enjeu \u00e9cologique fort - Th\u00e9o Norme","type":"rich","width":600,"height":338,"html":"<blockquote class=\"wp-embedded-content\"><a href=\"https:\/\/www.theonorme.com\/blog\/le-decret-tertiaire-un-enjeu-ecologique-fort\/\">Le d\u00e9cret tertiaire : un enjeu \u00e9cologique fort<\/a><\/blockquote>\n<script type='text\/javascript'>\n<!--\/\/--><![CDATA[\/\/><!--\n\t\t\/*! This file is auto-generated *\/\n\t\t!function(d,l){\"use strict\";var e=!1,o=!1;if(l.querySelector)if(d.addEventListener)e=!0;if(d.wp=d.wp||{},!d.wp.receiveEmbedMessage)if(d.wp.receiveEmbedMessage=function(e){var t=e.data;if(t)if(t.secret||t.message||t.value)if(!\/[^a-zA-Z0-9]\/.test(t.secret)){var r,a,i,s,n,o=l.querySelectorAll('iframe[data-secret=\"'+t.secret+'\"]'),c=l.querySelectorAll('blockquote[data-secret=\"'+t.secret+'\"]');for(r=0;r<c.length;r++)c[r].style.display=\"none\";for(r=0;r<o.length;r++)if(a=o[r],e.source===a.contentWindow){if(a.removeAttribute(\"style\"),\"height\"===t.message){if(1e3<(i=parseInt(t.value,10)))i=1e3;else if(~~i<200)i=200;a.height=i}if(\"link\"===t.message)if(s=l.createElement(\"a\"),n=l.createElement(\"a\"),s.href=a.getAttribute(\"src\"),n.href=t.value,n.host===s.host)if(l.activeElement===a)d.top.location.href=t.value}}},e)d.addEventListener(\"message\",d.wp.receiveEmbedMessage,!1),l.addEventListener(\"DOMContentLoaded\",t,!1),d.addEventListener(\"load\",t,!1);function t(){if(!o){o=!0;var e,t,r,a,i=-1!==navigator.appVersion.indexOf(\"MSIE 10\"),s=!!navigator.userAgent.match(\/Trident.*rv:11\\.\/),n=l.querySelectorAll(\"iframe.wp-embedded-content\");for(t=0;t<n.length;t++){if(!(r=n[t]).getAttribute(\"data-secret\"))a=Math.random().toString(36).substr(2,10),r.src+=\"#?secret=\"+a,r.setAttribute(\"data-secret\",a);if(i||s)(e=r.cloneNode(!0)).removeAttribute(\"security\"),r.parentNode.replaceChild(e,r)}}}}(window,document);\n\/\/--><!]]>\n<\/script><iframe sandbox=\"allow-scripts\" security=\"restricted\" src=\"https:\/\/www.theonorme.com\/blog\/le-decret-tertiaire-un-enjeu-ecologique-fort\/embed\/\" width=\"600\" height=\"338\" title=\"\u00ab\u00a0Le d\u00e9cret tertiaire : un enjeu \u00e9cologique fort\u00a0\u00bb &#8212; Th\u00e9o Norme\" frameborder=\"0\" marginwidth=\"0\" marginheight=\"0\" scrolling=\"no\" class=\"wp-embedded-content\"><\/iframe>","thumbnail_url":"https:\/\/www.theonorme.com\/blog\/wp-content\/uploads\/2023\/05\/sustainable-energy-campaign-hand-holding-tree-light-bulb-media-remix-scaled.jpg","thumbnail_width":2560,"thumbnail_height":1707,"description":"Le d\u00e9cret n\u00b0&nbsp;2019-771 du 23&nbsp;juillet 2019, dit d\u00e9cret tertiaire, est une r\u00e9glementation mise en place pour encourager les entreprises \u00e0 r\u00e9duire leur consommation d\u2019\u00e9nergie et leur \u00e9mission de gaz \u00e0 effet de serre. Il s\u2019applique aux b\u00e2timents tertiaires, c\u2019est-\u00e0-dire les b\u00e2timents \u00e0 usage professionnel, commercial, administratif ou d\u2019enseignement. Le d\u00e9cret tertiaire a \u00e9t\u00e9 publi\u00e9 en ..."}